{"id":933,"date":"2016-04-18T20:09:33","date_gmt":"2016-04-18T20:09:33","guid":{"rendered":"http:\/\/www.blau-weiss-meer.de\/wordpress\/?page_id=933"},"modified":"2016-04-18T20:09:33","modified_gmt":"2016-04-18T20:09:33","slug":"trainingsplatz-jugend","status":"publish","type":"page","link":"https:\/\/www.blau-weiss-meer.de\/wordpress\/jugend\/trainingszeiten\/trainingsplatz-jugend\/","title":{"rendered":"Trainingsplatz Jugend"},"content":{"rendered":"<p>In dieser Saison gibt es f\u00fcr die Jugendmedenspieler die M\u00f6glichkeit,<\/p>\n<p><strong>Freitags von 15.00-17.00 Uhr auf Platz 4<\/strong><\/p>\n<p>zu trainieren.<\/p>\n<p>&nbsp;<\/p>\n","protected":false},"excerpt":{"rendered":"<p>In dieser Saison gibt es f\u00fcr die Jugendmedenspieler die M\u00f6glichkeit, Freitags von 15.00-17.00 Uhr auf Platz 4 zu trainieren. &nbsp;<\/p>\n","protected":false},"author":2,"featured_media":0,"parent":187,"menu_order":0,"comment_status":"closed","ping_status":"open","template":"","meta":{"footnotes":""},"class_list":["post-933","page","type-page","status-publish","hentry"],"jetpack-related-posts":[{"id":93,"url":"https:\/\/www.blau-weiss-meer.de\/wordpress\/jugend\/","url_meta":{"origin":933,"position":0},"title":"Jugend","author":"Klaus Hardt","date":"24. Januar 2015","format":false,"excerpt":"Neuigkeiten zum Jugendteam Bei uns wird Jugendarbeit gro\u00df geschrieben! Techniktraining, Spiel mit Tennisschl\u00e4ger und Ball und nat\u00fcrlich immer mit viel Spa\u00df - das genie\u00dfen unsere \"Kids\" bei Jugendwartin laura Gonzales und unserem Tennistrainer Migo Spenst. Das Alter spielt keine Rolle. Der j\u00fcngste Teilnehmer am Training ist vier, die \u00e4lteste siebzehn.\u2026","rel":"","context":"\u00c4hnlicher Beitrag","block_context":{"text":"\u00c4hnlicher Beitrag","link":""},"img":{"alt_text":"P1110353","src":"https:\/\/i0.wp.com\/www.blau-weiss-meer.de\/wordpress\/wp-content\/uploads\/2015\/05\/P1110353-1024x768.jpg?resize=350%2C200","width":350,"height":200},"classes":[]},{"id":478,"url":"https:\/\/www.blau-weiss-meer.de\/wordpress\/jugend\/veranstaltungen-im-jugendbereich\/","url_meta":{"origin":933,"position":1},"title":"Veranstaltungen im Jugendbereich","author":"Klaus Hardt","date":"16. Juni 2015","format":false,"excerpt":"Am\u00a009.07.17 findet wieder unsere Endrunde der Pausenlige von der Montessorischule von 11.00 bis 13.00 Uhr statt. Alle Mitglieder sind herzlich eingeladen. \u00a0","rel":"","context":"\u00c4hnlicher Beitrag","block_context":{"text":"\u00c4hnlicher Beitrag","link":""},"img":{"alt_text":"","src":"","width":0,"height":0},"classes":[]},{"id":189,"url":"https:\/\/www.blau-weiss-meer.de\/wordpress\/jugend\/mannschaften\/","url_meta":{"origin":933,"position":2},"title":"Mannschaften","author":"Klaus Hardt","date":"25. April 2015","format":false,"excerpt":"Juniorinnen III\/IV Spielegemeinschaft mit dem TC Venn Junioren I\/II","rel":"","context":"\u00c4hnlicher Beitrag","block_context":{"text":"\u00c4hnlicher Beitrag","link":""},"img":{"alt_text":"","src":"","width":0,"height":0},"classes":[]},{"id":187,"url":"https:\/\/www.blau-weiss-meer.de\/wordpress\/jugend\/trainingszeiten\/","url_meta":{"origin":933,"position":3},"title":"Trainingszeiten","author":"Klaus Hardt","date":"25. April 2015","format":false,"excerpt":"Noch verf\u00fcgbare Trainingszeiten Sommersaison 2022 Montags: 13.00 Uhr - 16.00 Uhr Donnerstags: 13.00 Uhr -16.00 Uhr Vormittags\u00a0 Mo bis Fr 8.00 - 12.00 Andere Termine auf Anfrage \u00fcber unsere Tennisschule. Ansprechpartner: Migo Spenst migo@tennis-lehrer.com 01578 39 20 125","rel":"","context":"\u00c4hnlicher Beitrag","block_context":{"text":"\u00c4hnlicher Beitrag","link":""},"img":{"alt_text":"","src":"","width":0,"height":0},"classes":[]},{"id":44,"url":"https:\/\/www.blau-weiss-meer.de\/wordpress\/kontakt\/vorstand\/","url_meta":{"origin":933,"position":4},"title":"Vorstand","author":"Klaus Hardt","date":"26. November 2014","format":false,"excerpt":"1. Vorsitzender Uwe Repschl\u00e4ger E-Mail :1vorsitzender@blau-weiss-meer.de 2. Vorsitzender Robert Mitt E-Mail :2vorsitzender@blau-weiss-meer.de Jugendwartin Laura Gonzalez E-Mail :jugendwartin@blau-weiss-meer.de Sportwart Jens Singer E-Mail :sportwart@blau-weiss-meer.de Kassenwart Ralf Kellers E-Mail:kassenwart@blau-weiss-meer.de \u00a0","rel":"","context":"\u00c4hnlicher Beitrag","block_context":{"text":"\u00c4hnlicher Beitrag","link":""},"img":{"alt_text":"Repschlaeger","src":"https:\/\/i0.wp.com\/www.blau-weiss-meer.de\/wordpress\/wp-content\/uploads\/2014\/11\/Repschlaeger-150x150.jpg?resize=350%2C200","width":350,"height":200},"classes":[]},{"id":126,"url":"https:\/\/www.blau-weiss-meer.de\/wordpress\/die-anlage\/die-plaetze\/","url_meta":{"origin":933,"position":5},"title":"Die Pl\u00e4tze","author":"Klaus Hardt","date":"24. Januar 2015","format":false,"excerpt":"Die Neuen Pl\u00e4tze 3 - 5 Auf f\u00fcnf Pl\u00e4tzen finden unsere sportlichen Aktivit\u00e4ten statt. Wartezeiten sind die absolute Ausnahme. Die Pl\u00e4tze 1 und 2 vor der neuen Zentrale der SMS Group.","rel":"","context":"\u00c4hnlicher Beitrag","block_context":{"text":"\u00c4hnlicher Beitrag","link":""},"img":{"alt_text":"","src":"https:\/\/i0.wp.com\/www.blau-weiss-meer.de\/wordpress\/wp-content\/uploads\/2024\/03\/20230730_102331-scaled.jpg?resize=350%2C200&ssl=1","width":350,"height":200,"srcset":"https:\/\/i0.wp.com\/www.blau-weiss-meer.de\/wordpress\/wp-content\/uploads\/2024\/03\/20230730_102331-scaled.jpg?resize=350%2C200&ssl=1 1x, https:\/\/i0.wp.com\/www.blau-weiss-meer.de\/wordpress\/wp-content\/uploads\/2024\/03\/20230730_102331-scaled.jpg?resize=525%2C300&ssl=1 1.5x, https:\/\/i0.wp.com\/www.blau-weiss-meer.de\/wordpress\/wp-content\/uploads\/2024\/03\/20230730_102331-scaled.jpg?resize=700%2C400&ssl=1 2x, https:\/\/i0.wp.com\/www.blau-weiss-meer.de\/wordpress\/wp-content\/uploads\/2024\/03\/20230730_102331-scaled.jpg?resize=1050%2C600&ssl=1 3x, https:\/\/i0.wp.com\/www.blau-weiss-meer.de\/wordpress\/wp-content\/uploads\/2024\/03\/20230730_102331-scaled.jpg?resize=1400%2C800&ssl=1 4x"},"classes":[]}],"jetpack_sharing_enabled":true,"jetpack_likes_enabled":true,"_links":{"self":[{"href":"https:\/\/www.blau-weiss-meer.de\/wordpress\/wp-json\/wp\/v2\/pages\/933","targetHints":{"allow":["GET"]}}],"collection":[{"href":"https:\/\/www.blau-weiss-meer.de\/wordpress\/wp-json\/wp\/v2\/pages"}],"about":[{"href":"https:\/\/www.blau-weiss-meer.de\/wordpress\/wp-json\/wp\/v2\/types\/page"}],"author":[{"embeddable":true,"href":"https:\/\/www.blau-weiss-meer.de\/wordpress\/wp-json\/wp\/v2\/users\/2"}],"replies":[{"embeddable":true,"href":"https:\/\/www.blau-weiss-meer.de\/wordpress\/wp-json\/wp\/v2\/comments?post=933"}],"version-history":[{"count":1,"href":"https:\/\/www.blau-weiss-meer.de\/wordpress\/wp-json\/wp\/v2\/pages\/933\/revisions"}],"predecessor-version":[{"id":934,"href":"https:\/\/www.blau-weiss-meer.de\/wordpress\/wp-json\/wp\/v2\/pages\/933\/revisions\/934"}],"up":[{"embeddable":true,"href":"https:\/\/www.blau-weiss-meer.de\/wordpress\/wp-json\/wp\/v2\/pages\/187"}],"wp:attachment":[{"href":"https:\/\/www.blau-weiss-meer.de\/wordpress\/wp-json\/wp\/v2\/media?parent=933"}],"curies":[{"name":"wp","href":"https:\/\/api.w.org\/{rel}","templated":true}]}}