{"id":28,"date":"2014-11-26T19:34:44","date_gmt":"2014-11-26T19:34:44","guid":{"rendered":"http:\/\/www.blau-weiss-meer.de\/wordpress\/?page_id=28"},"modified":"2023-05-09T10:28:10","modified_gmt":"2023-05-09T10:28:10","slug":"damen-40","status":"publish","type":"page","link":"https:\/\/www.blau-weiss-meer.de\/wordpress\/mannschaften\/damen-40\/","title":{"rendered":"Damen 40"},"content":{"rendered":"\n<figure class=\"wp-block-image size-full\"><a href=\"https:\/\/www.blau-weiss-meer.de\/wordpress\/wp-content\/uploads\/2023\/05\/image0.jpeg\"><img loading=\"lazy\" decoding=\"async\" width=\"607\" height=\"581\" src=\"https:\/\/www.blau-weiss-meer.de\/wordpress\/wp-content\/uploads\/2023\/05\/image0.jpeg\" alt=\"\" class=\"wp-image-4147\" srcset=\"https:\/\/www.blau-weiss-meer.de\/wordpress\/wp-content\/uploads\/2023\/05\/image0.jpeg 607w, https:\/\/www.blau-weiss-meer.de\/wordpress\/wp-content\/uploads\/2023\/05\/image0-300x287.jpeg 300w\" sizes=\"auto, (max-width: 607px) 100vw, 607px\" \/><\/a><\/figure>\n\n\n\n<p>Unsere Damen 40 haben eine Spielgemeinschaft mit dem TC VENN, Bezirksklasse A,<\/p>\n\n\n\n<p>Mannschaftsf\u00fchrerin:&nbsp; Winter: Takacs,Claudia Sommer: Sandra K\u00fcppers<br>Tel.-p.: 02166\/340007<br>Tel.-d.: 02166\/985024<br>E-Mail-p.: <a href=\"mailto:sportwartin@blau-weiss-meer.de\">sportwartin@blau-weiss-meer.de<\/a><\/p>\n\n\n\n<p><a href=\"mailto:thomas.takacs@t-online.de\"><br><\/a>Handy: 0172\/3624223<\/p>\n\n\n\n<figure class=\"wp-block-table\"><table><tbody><tr><th>Rang<\/th><th>Mannschaft<\/th><th>LK<\/th><th>ID-Nummer<\/th><th>Name, Vorname<\/th><th>Nation<\/th><th>Info<\/th><th>SG<\/th><th>Einzel<\/th><th>Doppel<\/th><th>gesamt<\/th><\/tr><tr><td>1<\/td><td>1<\/td><td>LK13,2<\/td><td>27101596&nbsp;<\/td><td><a href=\"https:\/\/tvn.liga.nu\/cgi-bin\/WebObjects\/nuLigaTENDE.woa\/wa\/teamPortrait?team=2778523&amp;championship=Linker+Niederrhein+S+22&amp;group=137#e_0_1_1_65_9_0_1_1_41_5_1_0_13_1Container\">K\u00fcppers, Sandra<\/a>&nbsp;&nbsp;(1971)<\/td><td>&nbsp;<\/td><td><\/td><td>&nbsp;<\/td><td>&#8211;<\/td><td>&#8211;<\/td><td>&#8211;<\/td><\/tr><tr><td>2<\/td><td>1<\/td><td>LK13,2<\/td><td>27001742&nbsp;<\/td><td><a href=\"https:\/\/tvn.liga.nu\/cgi-bin\/WebObjects\/nuLigaTENDE.woa\/wa\/teamPortrait?team=2778523&amp;championship=Linker+Niederrhein+S+22&amp;group=137#e_0_1_1_65_9_0_1_1_41_5_1_1_13_1Container\">Palm, Sabine<\/a>&nbsp;&nbsp;(1970)<\/td><td>&nbsp;<\/td><td><\/td><td>&nbsp;<\/td><td>&#8211;<\/td><td>&#8211;<\/td><td>&#8211;<\/td><\/tr><tr><td>3<\/td><td>1<\/td><td>LK13,6<\/td><td>26551922&nbsp;<\/td><td><a href=\"https:\/\/tvn.liga.nu\/cgi-bin\/WebObjects\/nuLigaTENDE.woa\/wa\/teamPortrait?team=2778523&amp;championship=Linker+Niederrhein+S+22&amp;group=137#e_0_1_1_65_9_0_1_1_41_5_1_2_13_1Container\">Siebra\u00dfe, Kornelia<\/a>&nbsp;&nbsp;(1965)<\/td><td>&nbsp;<\/td><td><\/td><td>&nbsp;<\/td><td>&#8211;<\/td><td>&#8211;<\/td><td>&#8211;<\/td><\/tr><tr><td>4<\/td><td>1<\/td><td>LK15,5<\/td><td>26902321&nbsp;<\/td><td><a href=\"https:\/\/tvn.liga.nu\/cgi-bin\/WebObjects\/nuLigaTENDE.woa\/wa\/teamPortrait?team=2778523&amp;championship=Linker+Niederrhein+S+22&amp;group=137#e_0_1_1_65_9_0_1_1_41_5_1_3_13_1Container\">Takacs, Claudia<\/a>&nbsp;&nbsp;(1969)<\/td><td>&nbsp;<\/td><td><\/td><td>&nbsp;<\/td><td>&#8211;<\/td><td>&#8211;<\/td><td>&#8211;<\/td><\/tr><tr><td>5<\/td><td>1<\/td><td>LK18,6<\/td><td>27201418&nbsp;<\/td><td><a href=\"https:\/\/tvn.liga.nu\/cgi-bin\/WebObjects\/nuLigaTENDE.woa\/wa\/teamPortrait?team=2778523&amp;championship=Linker+Niederrhein+S+22&amp;group=137#e_0_1_1_65_9_0_1_1_41_5_1_4_13_1Container\">Heilmann, Andrea<\/a>&nbsp;&nbsp;(1972)<\/td><td>&nbsp;<\/td><td><\/td><td>&nbsp;<\/td><td>&#8211;<\/td><td>&#8211;<\/td><td>&#8211;<\/td><\/tr><tr><td>6<\/td><td>1<\/td><td>LK19,1<\/td><td>27450819&nbsp;<\/td><td><a href=\"https:\/\/tvn.liga.nu\/cgi-bin\/WebObjects\/nuLigaTENDE.woa\/wa\/teamPortrait?team=2778523&amp;championship=Linker+Niederrhein+S+22&amp;group=137#e_0_1_1_65_9_0_1_1_41_5_1_5_13_1Container\">Werner-Netzer, Anna Monika<\/a>&nbsp;&nbsp;(1974)<\/td><td>&nbsp;<\/td><td><\/td><td>&nbsp;<\/td><td>&#8211;<\/td><td>&#8211;<\/td><td>&#8211;<\/td><\/tr><tr><td>7<\/td><td>1<\/td><td>LK19,9<\/td><td>27902054&nbsp;<\/td><td><a href=\"https:\/\/tvn.liga.nu\/cgi-bin\/WebObjects\/nuLigaTENDE.woa\/wa\/teamPortrait?team=2778523&amp;championship=Linker+Niederrhein+S+22&amp;group=137#e_0_1_1_65_9_0_1_1_41_5_1_6_13_1Container\">Schaath, Simone<\/a>&nbsp;&nbsp;(1979)<\/td><td>&nbsp;<\/td><td><\/td><td>&nbsp;<\/td><td>&#8211;<\/td><td>&#8211;<\/td><td>&#8211;<\/td><\/tr><tr><td>8<\/td><td>1<\/td><td>LK21,1<\/td><td>28002260&nbsp;<\/td><td><a href=\"https:\/\/tvn.liga.nu\/cgi-bin\/WebObjects\/nuLigaTENDE.woa\/wa\/teamPortrait?team=2778523&amp;championship=Linker+Niederrhein+S+22&amp;group=137#e_0_1_1_65_9_0_1_1_41_5_1_7_13_1Container\">Johann, Kirsten<\/a>&nbsp;&nbsp;(1980)<\/td><td>&nbsp;<\/td><td><\/td><td>&nbsp;<\/td><td>&#8211;<\/td><td>&#8211;<\/td><td>&#8211;<\/td><\/tr><tr><td>9<\/td><td>1<\/td><td>LK20,2<\/td><td>27082577&nbsp;<\/td><td><a href=\"https:\/\/tvn.liga.nu\/cgi-bin\/WebObjects\/nuLigaTENDE.woa\/wa\/teamPortrait?team=2778523&amp;championship=Linker+Niederrhein+S+22&amp;group=137#e_0_1_1_65_9_0_1_1_41_5_1_8_13_1Container\">Link, Sonja<\/a>&nbsp;&nbsp;(1970)<\/td><td>&nbsp;<\/td><td><\/td><td>&nbsp;<\/td><td>&#8211;<\/td><td>&#8211;<\/td><td>&#8211;<\/td><\/tr><tr><td>10<\/td><td>1<\/td><td>LK23,4<\/td><td>27301194&nbsp;<\/td><td><a href=\"https:\/\/tvn.liga.nu\/cgi-bin\/WebObjects\/nuLigaTENDE.woa\/wa\/teamPortrait?team=2778523&amp;championship=Linker+Niederrhein+S+22&amp;group=137#e_0_1_1_65_9_0_1_1_41_5_1_9_13_1Container\">M\u00fchlen, Carolin<\/a>&nbsp;&nbsp;(1973)<\/td><td>&nbsp;<\/td><td><\/td><td>&nbsp;<\/td><td>&#8211;<\/td><td>&#8211;<\/td><td>&#8211;<\/td><\/tr><tr><td>11<\/td><td>1<\/td><td>LK23,4<\/td><td>27702024&nbsp;<\/td><td><a href=\"https:\/\/tvn.liga.nu\/cgi-bin\/WebObjects\/nuLigaTENDE.woa\/wa\/teamPortrait?team=2778523&amp;championship=Linker+Niederrhein+S+22&amp;group=137#e_0_1_1_65_9_0_1_1_41_5_1_10_13_1Container\">D\u00fclpers, Tina<\/a>&nbsp;&nbsp;(1977)<\/td><td>&nbsp;<\/td><td><\/td><td>&nbsp;<\/td><td>&#8211;<\/td><td>&#8211;<\/td><td>&#8211;<\/td><\/tr><\/tbody><\/table><\/figure>\n\n\n\n<p>Medenspiele 2023<br>Samstag, 06.05.2023 14h TC Venn: Rot-Weiss Uredingen<\/p>\n\n\n\n<p>Samstag, 13.05.2023 14h TC Venn &#8211; Neuss-Gnadental 1<\/p>\n\n\n\n<p>Samstag, 20.05.2023 14h TC Venn &#8211; TC Bovert 1<\/p>\n\n\n\n<p>Samstag, 10.06.2023 14h TSV Meerbusch 1 &#8211; TC Venn<\/p>\n\n\n\n<p><a href=\"https:\/\/tvn.liga.nu\/cgi-bin\/WebObjects\/nuLigaTENDE.woa\/wa\/groupPage?championship=Linker+Niederrhein+S+23&amp;group=134\" target=\"_blank\" rel=\"noreferrer noopener\">Tabelle 2023<\/a><\/p>\n","protected":false},"excerpt":{"rendered":"<p>Unsere Damen 40 haben eine Spielgemeinschaft mit dem TC VENN, Bezirksklasse A, Mannschaftsf\u00fchrerin:&nbsp; Winter: Takacs,Claudia Sommer: Sandra K\u00fcppersTel.-p.: 02166\/340007Tel.-d.: 02166\/985024E-Mail-p.:&hellip;<\/p>\n","protected":false},"author":4,"featured_media":0,"parent":7,"menu_order":1,"comment_status":"open","ping_status":"open","template":"","meta":{"footnotes":""},"class_list":["post-28","page","type-page","status-publish","hentry"],"jetpack-related-posts":[{"id":189,"url":"https:\/\/www.blau-weiss-meer.de\/wordpress\/jugend\/mannschaften\/","url_meta":{"origin":28,"position":0},"title":"Mannschaften","author":"Klaus Hardt","date":"25. April 2015","format":false,"excerpt":"Juniorinnen III\/IV Spielegemeinschaft mit dem TC Venn Junioren I\/II","rel":"","context":"\u00c4hnlicher Beitrag","block_context":{"text":"\u00c4hnlicher Beitrag","link":""},"img":{"alt_text":"","src":"","width":0,"height":0},"classes":[]},{"id":142,"url":"https:\/\/www.blau-weiss-meer.de\/wordpress\/clubmeisterschaften\/","url_meta":{"origin":28,"position":1},"title":"Clubmeisterschaften","author":"Klaus Hardt","date":"4. September 2018","format":false,"excerpt":"Jedes Jahr veranstalten wir Clubmeisterschaften im Mixed, Doppel und Einzelkonkurrenzen. Sie werden teils in Form von Wochenend-Turnieren oder \u00fcber einen l\u00e4ngeren Zeitraum in Gruppen- und KO-Spielen ausgetragen. Neben dem sportlichen Wettkampf ist uns vor allem das gemeinsame Tennisspielen mannschafts\u00fcbergreifend wichtig. Impressionen vom Mixed-Turnier 2023:","rel":"","context":"\u00c4hnlicher Beitrag","block_context":{"text":"\u00c4hnlicher Beitrag","link":""},"img":{"alt_text":"","src":"https:\/\/i0.wp.com\/www.blau-weiss-meer.de\/wordpress\/wp-content\/uploads\/2024\/03\/IMG_9886-scaled.jpg?resize=350%2C200&ssl=1","width":350,"height":200,"srcset":"https:\/\/i0.wp.com\/www.blau-weiss-meer.de\/wordpress\/wp-content\/uploads\/2024\/03\/IMG_9886-scaled.jpg?resize=350%2C200&ssl=1 1x, https:\/\/i0.wp.com\/www.blau-weiss-meer.de\/wordpress\/wp-content\/uploads\/2024\/03\/IMG_9886-scaled.jpg?resize=525%2C300&ssl=1 1.5x, https:\/\/i0.wp.com\/www.blau-weiss-meer.de\/wordpress\/wp-content\/uploads\/2024\/03\/IMG_9886-scaled.jpg?resize=700%2C400&ssl=1 2x, https:\/\/i0.wp.com\/www.blau-weiss-meer.de\/wordpress\/wp-content\/uploads\/2024\/03\/IMG_9886-scaled.jpg?resize=1050%2C600&ssl=1 3x, https:\/\/i0.wp.com\/www.blau-weiss-meer.de\/wordpress\/wp-content\/uploads\/2024\/03\/IMG_9886-scaled.jpg?resize=1400%2C800&ssl=1 4x"},"classes":[]},{"id":2052,"url":"https:\/\/www.blau-weiss-meer.de\/wordpress\/impressum\/datenschutzerklaerung\/","url_meta":{"origin":28,"position":2},"title":"DATENSCHUTZORDNUNG","author":"Klaus Hardt","date":"7. Juni 2018","format":false,"excerpt":"DATENSCHUTZORDNUNGderTG Blau-Weiss Meer e. V. \u00a0in der revidierten Fassung vom 1. August 2024\u00a0 Datenschutz ist der TG Blau Weiss Meer e.V. sehr wichtig.Als Datenverantwortlicher versichert der Vorstand, dass die Erhebung, Verarbeitung und Nutzung von personenbezogenen Daten die Datenschutz-Grundrechte der Mitglieder angemessen ber\u00fccksichtigt. Diese Datenschutzordnung erf\u00fcllt die Vorgaben der\u00a0 Datenschutzgrundverordnung (DSGVO),\u00a0\u2026","rel":"","context":"\u00c4hnlicher Beitrag","block_context":{"text":"\u00c4hnlicher Beitrag","link":""},"img":{"alt_text":"","src":"","width":0,"height":0},"classes":[]},{"id":90,"url":"https:\/\/www.blau-weiss-meer.de\/wordpress\/mannschaften\/herren-50-2\/","url_meta":{"origin":28,"position":3},"title":"Herren 60","author":"Klaus Hardt","date":"24. Januar 2015","format":false,"excerpt":"Herren 60, Bezirksklasse B,\u00a01. Mannschaft Mannschaftsf\u00fchrer: Vaehsen, Heinz Handy: 0171-5242821 Tabelle 2022 Rang Mannschaft LK ID-Nummer Name, Vorname Nation Info SG Einzel Doppel gesamt 1 1 LK19,1 15303803 Prof.Dr. Hardt, Klaus\u00a0\u00a0(1953) 2 1 LK19,9 15703465 Peters, Rudolf\u00a0\u00a0(1957) 3 1 LK21,1 16003575 Mertens, Stefan\u00a0\u00a0(1960) 4 1 LK21,1 15204350 Schmitz, Georg\u00a0\u00a0(1952) 5\u2026","rel":"","context":"Mit 4 Kommentaren","block_context":{"text":"Mit 4 Kommentaren","link":"https:\/\/www.blau-weiss-meer.de\/wordpress\/mannschaften\/herren-50-2\/#comments"},"img":{"alt_text":"","src":"","width":0,"height":0},"classes":[]},{"id":1573,"url":"https:\/\/www.blau-weiss-meer.de\/wordpress\/mannschaften\/herren-30\/","url_meta":{"origin":28,"position":4},"title":"Herren 30","author":"Klaus Hardt","date":"16. Mai 2017","format":false,"excerpt":"Neues von den Herren 30 Herren 30, Kreisliga\u00a01. Mannschaft Mannschaftsf\u00fchrer: Kempken, Tim E-Mail: timkempken@gmx.net Tabelle 2022 Rang Mannschaft LK ID-Nummer Name, Vorname Nation Info SG Einzel Doppel gesamt 1 1 LK9,2 17551647 Spenst, Michael \u00a0(1975) - - - 2 1 LK11,4 17752158 Stallzus, J\u00fcrgen Markus \u00a0(1977) - - - 3\u2026","rel":"","context":"\u00c4hnlicher Beitrag","block_context":{"text":"\u00c4hnlicher Beitrag","link":""},"img":{"alt_text":"","src":"","width":0,"height":0},"classes":[]},{"id":89,"url":"https:\/\/www.blau-weiss-meer.de\/wordpress\/mannschaften\/herren-50-1\/","url_meta":{"origin":28,"position":5},"title":"Herren 50","author":"Klaus Hardt","date":"24. Januar 2015","format":false,"excerpt":"Herren 50, Bezirksklasse B, Gruppe C, 1. Mannschaft Mannschaftsf\u00fchrer: Kellers, RalfTabelle 2022 RangMannschaftLKID-NummerName, VornameNationInfoSGEinzelDoppelgesamt11LK10,916601348\u00a0van Vlorop, J\u00f6rg \u00a0(1966)\u00a0\u00a00:10:10:221LK12,416803274\u00a0Hermanns, Ricardo \u00a0(1968)\u00a0\u00a0---31LK12,617159457\u00a0Link, Andreas \u00a0(1971)\u00a0\u00a0---41LK14,917202377\u00a0Otten, Frank \u00a0(1972)\u00a0\u00a0---51LK15,616990417\u00a0Kellers, Ralf \u00a0(1969)\u00a0\u00a00:10:10:261LK16,716303424\u00a0Donga, Kersten \u00a0(1963)\u00a0\u00a01:00:11:171LK19,115303803\u00a0Prof.Dr. Hardt, Klaus \u00a0(1953)\u00a0\u00a0-0:10:181LK19,216805727\u00a0Richter, Thomas \u00a0(1968)\u00a0\u00a0---91LK23,817053312\u00a0Elsenbruch, Thomas \u00a0(1970)\u00a0\u00a0---101LK20,216805395\u00a0Takacs, Thomas \u00a0(1968)\u00a0\u00a00:10:10:2111LK23,716753331\u00a0Kreuter-Heitmann, Thorsten \u00a0(1967)\u00a0\u00a00:1-0:1121LK22,916303830\u00a0Schmitz, Ingo \u00a0(1963)\u00a0\u00a0---131LK23,616452769\u00a0Heijendenrijk, Adamo \u00a0(1964)\u00a0\u00a00:10:10:2141LK21,116003575\u00a0Mertens, Stefan \u00a0(1960)\u00a0\u00a0---151LK23,815803517\u00a0Kelz, Olaf \u00a0(1958)\u00a0\u00a0---161LK23,915903610\u00a0Mitt, Robert \u00a0(1959)\u00a0\u00a0---171LK23,416803528\u00a0M\u00fccke, Harald \u00a0(1968)\u00a0\u00a0---181LK23,917283662\u00a0Stelten,\u2026","rel":"","context":"\u00c4hnlicher Beitrag","block_context":{"text":"\u00c4hnlicher Beitrag","link":""},"img":{"alt_text":"","src":"https:\/\/i0.wp.com\/www.blau-weiss-meer.de\/wordpress\/wp-content\/uploads\/2021\/03\/Cr7yekcA-1-scaled.jpeg?resize=350%2C200&ssl=1","width":350,"height":200,"srcset":"https:\/\/i0.wp.com\/www.blau-weiss-meer.de\/wordpress\/wp-content\/uploads\/2021\/03\/Cr7yekcA-1-scaled.jpeg?resize=350%2C200&ssl=1 1x, https:\/\/i0.wp.com\/www.blau-weiss-meer.de\/wordpress\/wp-content\/uploads\/2021\/03\/Cr7yekcA-1-scaled.jpeg?resize=525%2C300&ssl=1 1.5x, https:\/\/i0.wp.com\/www.blau-weiss-meer.de\/wordpress\/wp-content\/uploads\/2021\/03\/Cr7yekcA-1-scaled.jpeg?resize=700%2C400&ssl=1 2x, https:\/\/i0.wp.com\/www.blau-weiss-meer.de\/wordpress\/wp-content\/uploads\/2021\/03\/Cr7yekcA-1-scaled.jpeg?resize=1050%2C600&ssl=1 3x, https:\/\/i0.wp.com\/www.blau-weiss-meer.de\/wordpress\/wp-content\/uploads\/2021\/03\/Cr7yekcA-1-scaled.jpeg?resize=1400%2C800&ssl=1 4x"},"classes":[]}],"jetpack_sharing_enabled":true,"jetpack_likes_enabled":true,"_links":{"self":[{"href":"https:\/\/www.blau-weiss-meer.de\/wordpress\/wp-json\/wp\/v2\/pages\/28","targetHints":{"allow":["GET"]}}],"collection":[{"href":"https:\/\/www.blau-weiss-meer.de\/wordpress\/wp-json\/wp\/v2\/pages"}],"about":[{"href":"https:\/\/www.blau-weiss-meer.de\/wordpress\/wp-json\/wp\/v2\/types\/page"}],"author":[{"embeddable":true,"href":"https:\/\/www.blau-weiss-meer.de\/wordpress\/wp-json\/wp\/v2\/users\/4"}],"replies":[{"embeddable":true,"href":"https:\/\/www.blau-weiss-meer.de\/wordpress\/wp-json\/wp\/v2\/comments?post=28"}],"version-history":[{"count":25,"href":"https:\/\/www.blau-weiss-meer.de\/wordpress\/wp-json\/wp\/v2\/pages\/28\/revisions"}],"predecessor-version":[{"id":4149,"href":"https:\/\/www.blau-weiss-meer.de\/wordpress\/wp-json\/wp\/v2\/pages\/28\/revisions\/4149"}],"up":[{"embeddable":true,"href":"https:\/\/www.blau-weiss-meer.de\/wordpress\/wp-json\/wp\/v2\/pages\/7"}],"wp:attachment":[{"href":"https:\/\/www.blau-weiss-meer.de\/wordpress\/wp-json\/wp\/v2\/media?parent=28"}],"curies":[{"name":"wp","href":"https:\/\/api.w.org\/{rel}","templated":true}]}}